{"id":1780,"date":"2015-06-25T08:53:06","date_gmt":"2015-06-25T06:53:06","guid":{"rendered":"http:\/\/www.prolocoaltessanovenaria.eu\/sito\/?page_id=1780"},"modified":"2016-01-03T18:02:49","modified_gmt":"2016-01-03T17:02:49","slug":"stampe","status":"publish","type":"page","link":"https:\/\/www.prolocoaltessanovenaria.eu\/sito\/stampe\/","title":{"rendered":"Stampe"},"content":{"rendered":"<div id=\"pl-1780\"  class=\"panel-layout\" ><div id=\"pg-1780-0\"  class=\"panel-grid panel-no-style\" ><div id=\"pgc-1780-0-0\"  class=\"panel-grid-cell\" ><div id=\"panel-1780-0-0-0\" class=\"so-panel widget widget_black-studio-tinymce widget_black_studio_tinymce panel-first-child panel-last-child\" data-index=\"0\" ><div class=\"textwidget\"><p style=\"text-align: center;\"><span style=\"font-size: 28px;\"><span style=\"color: #0000ff;\">Carabinieri<\/span><\/span><br \/>Serie di\u00a06 stampe realizzate in occasione dell'inaugurazione del Monumento Carabinieri<\/p>\n<p style=\"text-align: center;\">22 Ottobre 2011<\/p>\n<p style=\"text-align: center;\"><span style=\"color: #000000; font-size: 12px;\">Creazione: Pro Loco Altessano Venaria Reale -\u00a02011 - Vietata la riproduzione<\/span><\/p>\n<\/div><\/div><\/div><\/div><div id=\"pg-1780-1\"  class=\"panel-grid panel-no-style\" ><div id=\"pgc-1780-1-0\"  class=\"panel-grid-cell\" ><div id=\"panel-1780-1-0-0\" class=\"so-panel widget widget_black-studio-tinymce widget_black_studio_tinymce panel-first-child panel-last-child\" data-index=\"1\" ><div class=\"textwidget\"><p style=\"text-align: center;\">Curatore della serie: Cav.Gianni Segato<\/p>\n<\/div><\/div><\/div><\/div><div id=\"pg-1780-2\"  class=\"panel-grid panel-no-style\" ><div id=\"pgc-1780-2-0\"  class=\"panel-grid-cell\" ><div id=\"panel-1780-2-0-0\" class=\"so-panel widget widget_black-studio-tinymce widget_black_studio_tinymce panel-first-child\" data-index=\"2\" ><div class=\"textwidget\"><p style=\"text-align: center;\"><span style=\"font-size: 28px;\">Ufficiale a cavallo<\/span><\/p>\n<p style=\"text-align: center;\"><a href=\"http:\/\/www.prolocoaltessanovenaria.eu\/sito\/wp-content\/uploads\/2015\/06\/carabiniere.jpg\" rel=\"attachment wp-att-5910\"><img fetchpriority=\"high\" decoding=\"async\" class=\"alignnone size-full wp-image-5910\" src=\"http:\/\/www.prolocoaltessanovenaria.eu\/sito\/wp-content\/uploads\/2015\/06\/carabiniere.jpg\" alt=\"carabiniere\" width=\"290\" height=\"403\" srcset=\"https:\/\/www.prolocoaltessanovenaria.eu\/sito\/wp-content\/uploads\/2015\/06\/carabiniere.jpg 290w, https:\/\/www.prolocoaltessanovenaria.eu\/sito\/wp-content\/uploads\/2015\/06\/carabiniere-216x300.jpg 216w, https:\/\/www.prolocoaltessanovenaria.eu\/sito\/wp-content\/uploads\/2015\/06\/carabiniere-108x150.jpg 108w\" sizes=\"(max-width: 290px) 100vw, 290px\" \/><\/a><\/p>\n<p style=\"text-align: center;\">\u00a0<\/p>\n<\/div><\/div><div id=\"panel-1780-2-0-1\" class=\"so-panel widget widget_black-studio-tinymce widget_black_studio_tinymce panel-last-child\" data-index=\"3\" ><div class=\"textwidget\"><p style=\"text-align: center;\"><span style=\"font-size: 28px;\">La fanfara dei Carabinieri<\/span><\/p>\n<p style=\"text-align: center;\"><a href=\"http:\/\/www.prolocoaltessanovenaria.eu\/sito\/wp-content\/uploads\/2015\/06\/fanfara2.jpg\" rel=\"attachment wp-att-5913\"><img decoding=\"async\" class=\"alignnone size-full wp-image-5913\" src=\"http:\/\/www.prolocoaltessanovenaria.eu\/sito\/wp-content\/uploads\/2015\/06\/fanfara2.jpg\" alt=\"fanfara2\" width=\"291\" height=\"398\" srcset=\"https:\/\/www.prolocoaltessanovenaria.eu\/sito\/wp-content\/uploads\/2015\/06\/fanfara2.jpg 291w, https:\/\/www.prolocoaltessanovenaria.eu\/sito\/wp-content\/uploads\/2015\/06\/fanfara2-219x300.jpg 219w, https:\/\/www.prolocoaltessanovenaria.eu\/sito\/wp-content\/uploads\/2015\/06\/fanfara2-110x150.jpg 110w\" sizes=\"(max-width: 291px) 100vw, 291px\" \/><\/a><\/p>\n<p style=\"text-align: center;\">\u00a0<\/p>\n<\/div><\/div><\/div><div id=\"pgc-1780-2-1\"  class=\"panel-grid-cell\" ><div id=\"panel-1780-2-1-0\" class=\"so-panel widget widget_black-studio-tinymce widget_black_studio_tinymce panel-first-child\" data-index=\"4\" ><div class=\"textwidget\"><p style=\"text-align: center;\"><span style=\"font-size: 28px;\">Carabinieri a Venezia<\/span><\/p>\n<p style=\"text-align: center;\"><a href=\"http:\/\/www.prolocoaltessanovenaria.eu\/sito\/wp-content\/uploads\/2015\/06\/carabinieri-a-venezia.jpg\" rel=\"attachment wp-att-5911\"><img decoding=\"async\" class=\"alignnone size-full wp-image-5911\" src=\"http:\/\/www.prolocoaltessanovenaria.eu\/sito\/wp-content\/uploads\/2015\/06\/carabinieri-a-venezia.jpg\" alt=\"carabinieri a venezia\" width=\"291\" height=\"401\" srcset=\"https:\/\/www.prolocoaltessanovenaria.eu\/sito\/wp-content\/uploads\/2015\/06\/carabinieri-a-venezia.jpg 291w, https:\/\/www.prolocoaltessanovenaria.eu\/sito\/wp-content\/uploads\/2015\/06\/carabinieri-a-venezia-218x300.jpg 218w, https:\/\/www.prolocoaltessanovenaria.eu\/sito\/wp-content\/uploads\/2015\/06\/carabinieri-a-venezia-109x150.jpg 109w\" sizes=\"(max-width: 291px) 100vw, 291px\" \/><\/a><\/p>\n<p style=\"text-align: center;\">\u00a0<\/p>\n<\/div><\/div><div id=\"panel-1780-2-1-1\" class=\"so-panel widget widget_black-studio-tinymce widget_black_studio_tinymce panel-last-child\" data-index=\"5\" ><div class=\"textwidget\"><p style=\"text-align: center;\"><span style=\"font-size: 28px;\">La pattuglia dei Carabinieri<\/span><\/p>\n<p style=\"text-align: center;\"><a href=\"http:\/\/www.prolocoaltessanovenaria.eu\/sito\/wp-content\/uploads\/2015\/06\/pattuglia-carabinieri.jpg\" rel=\"attachment wp-att-5914\"><img loading=\"lazy\" decoding=\"async\" class=\"alignnone size-full wp-image-5914\" src=\"http:\/\/www.prolocoaltessanovenaria.eu\/sito\/wp-content\/uploads\/2015\/06\/pattuglia-carabinieri.jpg\" alt=\"pattuglia carabinieri\" width=\"289\" height=\"400\" srcset=\"https:\/\/www.prolocoaltessanovenaria.eu\/sito\/wp-content\/uploads\/2015\/06\/pattuglia-carabinieri.jpg 289w, https:\/\/www.prolocoaltessanovenaria.eu\/sito\/wp-content\/uploads\/2015\/06\/pattuglia-carabinieri-217x300.jpg 217w, https:\/\/www.prolocoaltessanovenaria.eu\/sito\/wp-content\/uploads\/2015\/06\/pattuglia-carabinieri-108x150.jpg 108w\" sizes=\"(max-width: 289px) 100vw, 289px\" \/><\/a><\/p>\n<p style=\"text-align: center;\">\u00a0<\/p>\n<\/div><\/div><\/div><div id=\"pgc-1780-2-2\"  class=\"panel-grid-cell\" ><div id=\"panel-1780-2-2-0\" class=\"so-panel widget widget_black-studio-tinymce widget_black_studio_tinymce panel-first-child\" data-index=\"6\" ><div class=\"textwidget\"><p style=\"text-align: center;\"><span style=\"font-size: 28px;\">La scorta dei Carabinieri<\/span><\/p>\n<p style=\"text-align: center;\"><a href=\"http:\/\/www.prolocoaltessanovenaria.eu\/sito\/wp-content\/uploads\/2015\/06\/La-scorta-dei-carabinieri.png\"><img loading=\"lazy\" decoding=\"async\" class=\"alignnone wp-image-1800\" src=\"http:\/\/www.prolocoaltessanovenaria.eu\/sito\/wp-content\/uploads\/2015\/06\/La-scorta-dei-carabinieri.png\" alt=\"La scorta dei Carabinieri\" width=\"293\" height=\"401\" srcset=\"https:\/\/www.prolocoaltessanovenaria.eu\/sito\/wp-content\/uploads\/2015\/06\/La-scorta-dei-carabinieri.png 356w, https:\/\/www.prolocoaltessanovenaria.eu\/sito\/wp-content\/uploads\/2015\/06\/La-scorta-dei-carabinieri-219x300.png 219w, https:\/\/www.prolocoaltessanovenaria.eu\/sito\/wp-content\/uploads\/2015\/06\/La-scorta-dei-carabinieri-109x150.png 109w\" sizes=\"(max-width: 293px) 100vw, 293px\" \/><\/a><\/p>\n<\/div><\/div><div id=\"panel-1780-2-2-1\" class=\"so-panel widget widget_black-studio-tinymce widget_black_studio_tinymce panel-last-child\" data-index=\"7\" ><div class=\"textwidget\"><p style=\"text-align: center;\">\u00a0<\/p>\n<p style=\"text-align: center;\"><span style=\"font-size: 28px;\">Carabinieri in pattuglia<\/span><\/p>\n<p style=\"text-align: center;\"><a href=\"http:\/\/www.prolocoaltessanovenaria.eu\/sito\/wp-content\/uploads\/2015\/06\/carabinieri-in-pattuglia.jpg\" rel=\"attachment wp-att-5914\"><img loading=\"lazy\" decoding=\"async\" class=\"alignnone wp-image-5915 size-full\" src=\"http:\/\/www.prolocoaltessanovenaria.eu\/sito\/wp-content\/uploads\/2015\/06\/carabinieri-in-pattuglia.jpg\" alt=\"\" width=\"293\" height=\"399\" srcset=\"https:\/\/www.prolocoaltessanovenaria.eu\/sito\/wp-content\/uploads\/2015\/06\/carabinieri-in-pattuglia.jpg 293w, https:\/\/www.prolocoaltessanovenaria.eu\/sito\/wp-content\/uploads\/2015\/06\/carabinieri-in-pattuglia-220x300.jpg 220w, https:\/\/www.prolocoaltessanovenaria.eu\/sito\/wp-content\/uploads\/2015\/06\/carabinieri-in-pattuglia-110x150.jpg 110w\" sizes=\"(max-width: 293px) 100vw, 293px\" \/><\/a><\/p>\n<p style=\"text-align: center;\">\u00a0<\/p>\n<\/div><\/div><\/div><\/div><div id=\"pg-1780-3\"  class=\"panel-grid panel-no-style\" ><div id=\"pgc-1780-3-0\"  class=\"panel-grid-cell\" ><div id=\"panel-1780-3-0-0\" class=\"so-panel widget widget_black-studio-tinymce widget_black_studio_tinymce panel-first-child panel-last-child\" data-index=\"8\" ><div class=\"textwidget\"><p style=\"text-align: center;\">\u00a0<\/p>\n<p style=\"text-align: center;\">\u00a0<\/p>\n<p style=\"text-align: center;\"><span style=\"color: #0000ff; font-size: 28px;\">Artisti per la Citt\u00e0<\/span><br \/>Serie di\u00a07 stampe d'artista<br \/><span style=\"color: #000000; font-size: 12px;\">Creazione: Pro Loco Altessano Venaria Reale -\u00a0Anno 2009\u00a0- Vietata la riproduzione<\/span><\/p>\n<p style=\"text-align: center;\">\u00a0<\/p>\n<\/div><\/div><\/div><\/div><div id=\"pg-1780-4\"  class=\"panel-grid panel-no-style\" ><div id=\"pgc-1780-4-0\"  class=\"panel-grid-cell\" ><div id=\"panel-1780-4-0-0\" class=\"so-panel widget widget_black-studio-tinymce widget_black_studio_tinymce panel-first-child panel-last-child\" data-index=\"9\" ><div class=\"textwidget\"><p style=\"text-align: center;\"><span style=\"font-size: 28px;\">Giuseppe BONIZZONI<\/span><\/p>\n<p style=\"text-align: justify;\"><a href=\"http:\/\/www.prolocoaltessanovenaria.eu\/sito\/wp-content\/uploads\/2015\/06\/Giuseppe-Bonizzoni.png\"><img loading=\"lazy\" decoding=\"async\" class=\"wp-image-1810 size-full aligncenter\" src=\"http:\/\/www.prolocoaltessanovenaria.eu\/sito\/wp-content\/uploads\/2015\/06\/Giuseppe-Bonizzoni.png\" alt=\"Giuseppe Bonizzoni\" width=\"577\" height=\"426\" srcset=\"https:\/\/www.prolocoaltessanovenaria.eu\/sito\/wp-content\/uploads\/2015\/06\/Giuseppe-Bonizzoni.png 577w, https:\/\/www.prolocoaltessanovenaria.eu\/sito\/wp-content\/uploads\/2015\/06\/Giuseppe-Bonizzoni-300x221.png 300w, https:\/\/www.prolocoaltessanovenaria.eu\/sito\/wp-content\/uploads\/2015\/06\/Giuseppe-Bonizzoni-203x150.png 203w, https:\/\/www.prolocoaltessanovenaria.eu\/sito\/wp-content\/uploads\/2015\/06\/Giuseppe-Bonizzoni-150x111.png 150w\" sizes=\"(max-width: 577px) 100vw, 577px\" \/><\/a><em>Nato e vive a Venaria Reale, notissimo e premiato. Preferisce i paesaggi -stupende visioni cariche di romanticismo e ricche di una vegetazione viva e rigogliosa- che sembrano colti dall'alto come se l'artista fosse in un punto situato tra cielo e terra. <\/em><\/p>\n<\/div><\/div><\/div><div id=\"pgc-1780-4-1\"  class=\"panel-grid-cell\" ><div id=\"panel-1780-4-1-0\" class=\"so-panel widget widget_black-studio-tinymce widget_black_studio_tinymce panel-first-child panel-last-child\" data-index=\"10\" ><div class=\"textwidget\"><p style=\"text-align: center;\"><span style=\"font-size: 28px;\">Edoardo TOSATTO<\/span><\/p>\n<p style=\"text-align: justify;\"><img loading=\"lazy\" decoding=\"async\" class=\"alignnone wp-image-1818\" src=\"http:\/\/www.prolocoaltessanovenaria.eu\/sito\/wp-content\/uploads\/2015\/06\/Edoardo-Tosatto.png\" alt=\"Edoardo Tosatto\" width=\"580\" height=\"428\" srcset=\"https:\/\/www.prolocoaltessanovenaria.eu\/sito\/wp-content\/uploads\/2015\/06\/Edoardo-Tosatto.png 577w, https:\/\/www.prolocoaltessanovenaria.eu\/sito\/wp-content\/uploads\/2015\/06\/Edoardo-Tosatto-300x221.png 300w, https:\/\/www.prolocoaltessanovenaria.eu\/sito\/wp-content\/uploads\/2015\/06\/Edoardo-Tosatto-203x150.png 203w, https:\/\/www.prolocoaltessanovenaria.eu\/sito\/wp-content\/uploads\/2015\/06\/Edoardo-Tosatto-150x111.png 150w\" sizes=\"(max-width: 580px) 100vw, 580px\" \/><em>Vive e lavora a Venaria; tecnica olio-acquerello. Talento naturale, ha frequentato la Scuola Artistica figurativa di Torino, partecipa a vari concorsi a premi confermandosi pittore professionista.<\/em><\/p>\n<\/div><\/div><\/div><\/div><div id=\"pg-1780-5\"  class=\"panel-grid panel-no-style\" ><div id=\"pgc-1780-5-0\"  class=\"panel-grid-cell\" ><div id=\"panel-1780-5-0-0\" class=\"so-panel widget widget_black-studio-tinymce widget_black_studio_tinymce panel-first-child panel-last-child\" data-index=\"11\" ><div class=\"textwidget\"><p style=\"text-align: center;\"><span style=\"font-size: 28px;\">Sergio GIANESINI<\/span><\/p>\n<p style=\"text-align: justify;\"><a href=\"http:\/\/www.prolocoaltessanovenaria.eu\/sito\/wp-content\/uploads\/2015\/06\/GIANESINI1.png\"><img loading=\"lazy\" decoding=\"async\" class=\"alignnone wp-image-1832 size-full\" src=\"http:\/\/www.prolocoaltessanovenaria.eu\/sito\/wp-content\/uploads\/2015\/06\/GIANESINI1.png\" alt=\"GIANESINI\" width=\"580\" height=\"428\" srcset=\"https:\/\/www.prolocoaltessanovenaria.eu\/sito\/wp-content\/uploads\/2015\/06\/GIANESINI1.png 580w, https:\/\/www.prolocoaltessanovenaria.eu\/sito\/wp-content\/uploads\/2015\/06\/GIANESINI1-300x221.png 300w, https:\/\/www.prolocoaltessanovenaria.eu\/sito\/wp-content\/uploads\/2015\/06\/GIANESINI1-203x150.png 203w, https:\/\/www.prolocoaltessanovenaria.eu\/sito\/wp-content\/uploads\/2015\/06\/GIANESINI1-150x111.png 150w\" sizes=\"(max-width: 580px) 100vw, 580px\" \/><\/a><em>Accademico d'Italia con medaglia d'oro. Inserito nei cataloghi: Artisti Europei, Pittori Piemontesi, Arte Moderna. Docente di Pittura e Disegno presso l'Universit\u00e0 della Terza Et\u00e0 di Venaria.<\/em><\/p>\n<\/div><\/div><\/div><div id=\"pgc-1780-5-1\"  class=\"panel-grid-cell\" ><div id=\"panel-1780-5-1-0\" class=\"so-panel widget widget_black-studio-tinymce widget_black_studio_tinymce panel-first-child panel-last-child\" data-index=\"12\" ><div class=\"textwidget\"><p style=\"text-align: center;\"><span style=\"font-size: 28px;\">Giuseppe OGGERO<\/span><\/p>\n<p><em><a href=\"http:\/\/www.prolocoaltessanovenaria.eu\/sito\/wp-content\/uploads\/2015\/06\/oggero.jpg\" rel=\"attachment wp-att-5920\"><img loading=\"lazy\" decoding=\"async\" class=\"alignnone wp-image-5920\" src=\"http:\/\/www.prolocoaltessanovenaria.eu\/sito\/wp-content\/uploads\/2015\/06\/oggero.jpg\" alt=\"oggero\" width=\"580\" height=\"428\" srcset=\"https:\/\/www.prolocoaltessanovenaria.eu\/sito\/wp-content\/uploads\/2015\/06\/oggero.jpg 537w, https:\/\/www.prolocoaltessanovenaria.eu\/sito\/wp-content\/uploads\/2015\/06\/oggero-300x221.jpg 300w, https:\/\/www.prolocoaltessanovenaria.eu\/sito\/wp-content\/uploads\/2015\/06\/oggero-203x150.jpg 203w, https:\/\/www.prolocoaltessanovenaria.eu\/sito\/wp-content\/uploads\/2015\/06\/oggero-150x111.jpg 150w\" sizes=\"(max-width: 580px) 100vw, 580px\" \/><\/a>Autodidatta, numerose le sue partecipazioni a mostre estemporanee e collettive. Diversi critici hanno scritto di lui sui settimanali. Attualmente vive e opera a Venaria Reale.<\/em><\/p>\n<\/div><\/div><\/div><\/div><div id=\"pg-1780-6\"  class=\"panel-grid panel-no-style\" ><div id=\"pgc-1780-6-0\"  class=\"panel-grid-cell\" ><div id=\"panel-1780-6-0-0\" class=\"so-panel widget widget_black-studio-tinymce widget_black_studio_tinymce panel-first-child panel-last-child\" data-index=\"13\" ><div class=\"textwidget\"><p style=\"text-align: center;\"><span style=\"font-size: 28px;\">Giuseppe LAZZAROTTO<\/span><\/p>\n<p style=\"text-align: center;\"><a href=\"http:\/\/www.prolocoaltessanovenaria.eu\/sito\/wp-content\/uploads\/2015\/06\/lazzarotto.jpg\" rel=\"attachment wp-att-5923\"><img loading=\"lazy\" decoding=\"async\" class=\"alignnone wp-image-5923\" src=\"http:\/\/www.prolocoaltessanovenaria.eu\/sito\/wp-content\/uploads\/2015\/06\/lazzarotto.jpg\" alt=\"lazzarotto\" width=\"354\" height=\"488\" srcset=\"https:\/\/www.prolocoaltessanovenaria.eu\/sito\/wp-content\/uploads\/2015\/06\/lazzarotto.jpg 290w, https:\/\/www.prolocoaltessanovenaria.eu\/sito\/wp-content\/uploads\/2015\/06\/lazzarotto-218x300.jpg 218w, https:\/\/www.prolocoaltessanovenaria.eu\/sito\/wp-content\/uploads\/2015\/06\/lazzarotto-109x150.jpg 109w\" sizes=\"(max-width: 354px) 100vw, 354px\" \/><\/a><\/p>\n<p style=\"text-align: center;\">\u00a0<em>Nel 1925 si trasferisce a Venaria Reale dove per oltre quarant'anni porter\u00e0 la sua opera di lavoro e di Artista. Autodidatta, nel 1966 \u00e8 membro dell'Accademia Tiberina di Roma. Attualmente risiede a Valstagna (VI) ove \u00e8 nato.<\/em><\/p>\n<\/div><\/div><\/div><div id=\"pgc-1780-6-1\"  class=\"panel-grid-cell\" ><div id=\"panel-1780-6-1-0\" class=\"so-panel widget widget_black-studio-tinymce widget_black_studio_tinymce panel-first-child panel-last-child\" data-index=\"14\" ><div class=\"textwidget\"><p style=\"text-align: center;\"><span style=\"font-size: 28px;\">Isidoro GALASSO<\/span><\/p>\n<p style=\"text-align: center;\"><a href=\"http:\/\/www.prolocoaltessanovenaria.eu\/sito\/wp-content\/uploads\/2015\/06\/ISIDORO-GALASSO.png\"><img loading=\"lazy\" decoding=\"async\" class=\"alignnone size-full wp-image-1811\" src=\"http:\/\/www.prolocoaltessanovenaria.eu\/sito\/wp-content\/uploads\/2015\/06\/ISIDORO-GALASSO.png\" alt=\"ISIDORO GALASSO\" width=\"356\" height=\"488\" srcset=\"https:\/\/www.prolocoaltessanovenaria.eu\/sito\/wp-content\/uploads\/2015\/06\/ISIDORO-GALASSO.png 356w, https:\/\/www.prolocoaltessanovenaria.eu\/sito\/wp-content\/uploads\/2015\/06\/ISIDORO-GALASSO-219x300.png 219w, https:\/\/www.prolocoaltessanovenaria.eu\/sito\/wp-content\/uploads\/2015\/06\/ISIDORO-GALASSO-109x150.png 109w\" sizes=\"(max-width: 356px) 100vw, 356px\" \/><\/a><\/p>\n<p style=\"text-align: justify;\"><em>Ha frequentato con successo l'Accademia Albertina di Belle Arti di Torino indirizzando i suoi studi nel campo della scenografia teatrale. La sua esperienza di artista eccentrica e poliedrico spazia nei vari movimenti artistici degli ultimi anni, soprattutto per quanto riguarda la ricerca e la sperimentazione di nuove forme di linguaggio. Ama definirsi \"Pittore\" nel senso tradizionale del termine e nell'ultimo periodo \u00e8 tornato a lavorare seguendo i canoni classicisti della pittura riscoprendo piacevolmente anche la\u00a0\u00a0scultura.<\/em><\/p>\n<\/div><\/div><\/div><\/div><div id=\"pg-1780-7\"  class=\"panel-grid panel-no-style\" ><div id=\"pgc-1780-7-0\"  class=\"panel-grid-cell panel-grid-cell-empty\" ><\/div><div id=\"pgc-1780-7-1\"  class=\"panel-grid-cell panel-grid-cell-mobile-last\" ><div id=\"panel-1780-7-1-0\" class=\"so-panel widget widget_black-studio-tinymce widget_black_studio_tinymce panel-first-child panel-last-child\" data-index=\"15\" ><div class=\"textwidget\"><p style=\"text-align: center;\"><span style=\"font-size: 28px;\">Mariella LAVARINO<\/span>\u00a0<\/p>\n<p style=\"text-align: center;\"><a href=\"http:\/\/www.prolocoaltessanovenaria.eu\/sito\/wp-content\/uploads\/2015\/06\/lavarino.jpg\" rel=\"attachment wp-att-5927\"><img loading=\"lazy\" decoding=\"async\" class=\"alignnone size-full wp-image-5927\" src=\"http:\/\/www.prolocoaltessanovenaria.eu\/sito\/wp-content\/uploads\/2015\/06\/lavarino.jpg\" alt=\"lavarino\" width=\"543\" height=\"403\" srcset=\"https:\/\/www.prolocoaltessanovenaria.eu\/sito\/wp-content\/uploads\/2015\/06\/lavarino.jpg 543w, https:\/\/www.prolocoaltessanovenaria.eu\/sito\/wp-content\/uploads\/2015\/06\/lavarino-300x223.jpg 300w, https:\/\/www.prolocoaltessanovenaria.eu\/sito\/wp-content\/uploads\/2015\/06\/lavarino-202x150.jpg 202w, https:\/\/www.prolocoaltessanovenaria.eu\/sito\/wp-content\/uploads\/2015\/06\/lavarino-150x111.jpg 150w\" sizes=\"(max-width: 543px) 100vw, 543px\" \/><\/a><\/p>\n<p>\u00a0<\/p>\n<p style=\"text-align: justify;\"><em>Formatasi all'Accademia Albertina di Torino e a L'Academie de la Grand Chaumi\u00e8re di Parigi, \u00e8 stata allieva di Giacomo Soffiantino ed Eugenio Comencini. Ha realizzato molte Mostre Personali con il patrocinio di diversi Enti Pubblici. Note scritte di Paolo Levi, Angelo Mistrangelo, Giorgio Sebastiano Brizio, Ivana Mulatero, Angelo Dragone. Vive e lavora a Venaria Reale.<\/em><\/p>\n<\/div><\/div><\/div><div id=\"pgc-1780-7-2\"  class=\"panel-grid-cell panel-grid-cell-empty\" ><\/div><\/div><div id=\"pg-1780-8\"  class=\"panel-grid panel-no-style\" ><div id=\"pgc-1780-8-0\"  class=\"panel-grid-cell\" ><div id=\"panel-1780-8-0-0\" class=\"so-panel widget widget_black-studio-tinymce widget_black_studio_tinymce panel-first-child\" data-index=\"16\" ><div class=\"textwidget\"><p style=\"text-align: center;\">\u00a0<\/p>\n<p style=\"text-align: center;\">\u00a0<\/p>\n<p style=\"text-align: center;\"><span style=\"color: #0000ff; font-size: 28px;\">La storia di Altessano<\/span><br \/>Serie di 4 manifesti<br \/><span style=\"color: #000000; font-size: 12px;\">Creazione: Pro Loco Altessano Venaria Reale -\u00a0Anno 2009- Vietata la riproduzione<\/span><\/p>\n<\/div><\/div><div id=\"panel-1780-8-0-1\" class=\"so-panel widget widget_black-studio-tinymce widget_black_studio_tinymce\" data-index=\"17\" ><div class=\"textwidget\"><p style=\"text-align: center;\"><img loading=\"lazy\" decoding=\"async\" class=\"aligncenter wp-image-3236 size-full\" src=\"http:\/\/www.prolocoaltessanovenaria.eu\/sito\/wp-content\/uploads\/2015\/06\/2015-07-20_113014.jpg\" alt=\"2015-07-20_113014\" width=\"915\" height=\"1385\" srcset=\"https:\/\/www.prolocoaltessanovenaria.eu\/sito\/wp-content\/uploads\/2015\/06\/2015-07-20_113014.jpg 915w, https:\/\/www.prolocoaltessanovenaria.eu\/sito\/wp-content\/uploads\/2015\/06\/2015-07-20_113014-198x300.jpg 198w, https:\/\/www.prolocoaltessanovenaria.eu\/sito\/wp-content\/uploads\/2015\/06\/2015-07-20_113014-677x1024.jpg 677w, https:\/\/www.prolocoaltessanovenaria.eu\/sito\/wp-content\/uploads\/2015\/06\/2015-07-20_113014-99x150.jpg 99w\" sizes=\"(max-width: 915px) 100vw, 915px\" \/><\/p>\n<\/div><\/div><div id=\"panel-1780-8-0-2\" class=\"so-panel widget widget_black-studio-tinymce widget_black_studio_tinymce\" data-index=\"18\" ><div class=\"textwidget\"><p style=\"text-align: center;\"><img loading=\"lazy\" decoding=\"async\" class=\"aligncenter wp-image-3251 size-full\" src=\"http:\/\/www.prolocoaltessanovenaria.eu\/sito\/wp-content\/uploads\/2015\/06\/2015-07-20_141920.jpg\" alt=\"2015-07-20_141920\" width=\"922\" height=\"1389\" srcset=\"https:\/\/www.prolocoaltessanovenaria.eu\/sito\/wp-content\/uploads\/2015\/06\/2015-07-20_141920.jpg 922w, https:\/\/www.prolocoaltessanovenaria.eu\/sito\/wp-content\/uploads\/2015\/06\/2015-07-20_141920-199x300.jpg 199w, https:\/\/www.prolocoaltessanovenaria.eu\/sito\/wp-content\/uploads\/2015\/06\/2015-07-20_141920-680x1024.jpg 680w, https:\/\/www.prolocoaltessanovenaria.eu\/sito\/wp-content\/uploads\/2015\/06\/2015-07-20_141920-100x150.jpg 100w\" sizes=\"(max-width: 922px) 100vw, 922px\" \/><\/p>\n<\/div><\/div><div id=\"panel-1780-8-0-3\" class=\"so-panel widget widget_black-studio-tinymce widget_black_studio_tinymce\" data-index=\"19\" ><div class=\"textwidget\"><p style=\"text-align: center;\"><img loading=\"lazy\" decoding=\"async\" class=\"aligncenter wp-image-3234 size-full\" src=\"http:\/\/www.prolocoaltessanovenaria.eu\/sito\/wp-content\/uploads\/2015\/06\/2015-07-20_112455.jpg\" alt=\"2015-07-20_112455\" width=\"913\" height=\"1387\" srcset=\"https:\/\/www.prolocoaltessanovenaria.eu\/sito\/wp-content\/uploads\/2015\/06\/2015-07-20_112455.jpg 913w, https:\/\/www.prolocoaltessanovenaria.eu\/sito\/wp-content\/uploads\/2015\/06\/2015-07-20_112455-197x300.jpg 197w, https:\/\/www.prolocoaltessanovenaria.eu\/sito\/wp-content\/uploads\/2015\/06\/2015-07-20_112455-674x1024.jpg 674w, https:\/\/www.prolocoaltessanovenaria.eu\/sito\/wp-content\/uploads\/2015\/06\/2015-07-20_112455-99x150.jpg 99w\" sizes=\"(max-width: 913px) 100vw, 913px\" \/><\/p>\n<\/div><\/div><div id=\"panel-1780-8-0-4\" class=\"so-panel widget widget_black-studio-tinymce widget_black_studio_tinymce panel-last-child\" data-index=\"20\" ><div class=\"textwidget\"><p style=\"text-align: center;\"><img loading=\"lazy\" decoding=\"async\" class=\"aligncenter wp-image-3252 size-full\" src=\"http:\/\/www.prolocoaltessanovenaria.eu\/sito\/wp-content\/uploads\/2015\/06\/2015-07-20_141827.jpg\" alt=\"2015-07-20_141827\" width=\"918\" height=\"1395\" srcset=\"https:\/\/www.prolocoaltessanovenaria.eu\/sito\/wp-content\/uploads\/2015\/06\/2015-07-20_141827.jpg 918w, https:\/\/www.prolocoaltessanovenaria.eu\/sito\/wp-content\/uploads\/2015\/06\/2015-07-20_141827-197x300.jpg 197w, https:\/\/www.prolocoaltessanovenaria.eu\/sito\/wp-content\/uploads\/2015\/06\/2015-07-20_141827-674x1024.jpg 674w, https:\/\/www.prolocoaltessanovenaria.eu\/sito\/wp-content\/uploads\/2015\/06\/2015-07-20_141827-99x150.jpg 99w\" sizes=\"(max-width: 918px) 100vw, 918px\" \/><\/p>\n<\/div><\/div><\/div><\/div><div id=\"pg-1780-9\"  class=\"panel-grid panel-no-style\" ><div id=\"pgc-1780-9-0\"  class=\"panel-grid-cell panel-grid-cell-empty\" ><\/div><\/div><div id=\"pg-1780-10\"  class=\"panel-grid panel-no-style\" ><div id=\"pgc-1780-10-0\"  class=\"panel-grid-cell\" ><div id=\"panel-1780-10-0-0\" class=\"so-panel widget widget_black-studio-tinymce widget_black_studio_tinymce panel-first-child panel-last-child\" data-index=\"21\" ><div class=\"textwidget\"><p style=\"text-align: center;\"><span style=\"color: #0000ff; font-size: 28px;\">Gioco dell'oca<\/span><br \/>Riproduzione antico gioco dell'oca<br \/><span style=\"color: #000000; font-size: 12px;\">Creazione: Pro Loco Altessano Venaria Reale -\u00a0Anno 2005- Vietata la riproduzione<\/span><\/p>\n<p style=\"text-align: center;\"><a href=\"http:\/\/www.prolocoaltessanovenaria.eu\/sito\/wp-content\/uploads\/2015\/06\/gioco-oca.jpg\" rel=\"attachment wp-att-5929\"><img loading=\"lazy\" decoding=\"async\" class=\"alignnone size-full wp-image-5929\" src=\"http:\/\/www.prolocoaltessanovenaria.eu\/sito\/wp-content\/uploads\/2015\/06\/gioco-oca.jpg\" alt=\"gioco oca\" width=\"543\" height=\"401\" srcset=\"https:\/\/www.prolocoaltessanovenaria.eu\/sito\/wp-content\/uploads\/2015\/06\/gioco-oca.jpg 543w, https:\/\/www.prolocoaltessanovenaria.eu\/sito\/wp-content\/uploads\/2015\/06\/gioco-oca-300x222.jpg 300w, https:\/\/www.prolocoaltessanovenaria.eu\/sito\/wp-content\/uploads\/2015\/06\/gioco-oca-203x150.jpg 203w, https:\/\/www.prolocoaltessanovenaria.eu\/sito\/wp-content\/uploads\/2015\/06\/gioco-oca-150x111.jpg 150w\" sizes=\"(max-width: 543px) 100vw, 543px\" \/><\/a><\/p>\n<\/div><\/div><\/div><\/div><\/div>","protected":false},"excerpt":{"rendered":"<p>CarabinieriSerie di\u00a06 stampe realizzate in occasione dell&#8217;inaugurazione del Monumento Carabinieri22 Ottobre 2011Creazione: Pro Loco Altessano Venaria Reale &#8211;\u00a02011 &#8211; Vietata la riproduzione Curatore della serie: Cav.Gianni Segato<\/p>\n","protected":false},"author":1,"featured_media":0,"parent":0,"menu_order":0,"comment_status":"closed","ping_status":"closed","template":"","meta":{"footnotes":""},"class_list":["post-1780","page","type-page","status-publish","hentry"],"yoast_head":"<!-- This site is optimized with the Yoast SEO plugin v27.3 - https:\/\/yoast.com\/product\/yoast-seo-wordpress\/ -->\n<title>Stampe - ProLoco Altessano Venaria<\/title>\n<meta name=\"robots\" content=\"index, follow, max-snippet:-1, max-image-preview:large, max-video-preview:-1\" \/>\n<link rel=\"canonical\" href=\"https:\/\/www.prolocoaltessanovenaria.eu\/sito\/stampe\/\" \/>\n<meta property=\"og:locale\" content=\"it_IT\" \/>\n<meta property=\"og:type\" content=\"article\" \/>\n<meta property=\"og:title\" content=\"Stampe - ProLoco Altessano Venaria\" \/>\n<meta property=\"og:description\" content=\"CarabinieriSerie di\u00a06 stampe realizzate in occasione dell&#039;inaugurazione del Monumento Carabinieri22 Ottobre 2011Creazione: Pro Loco Altessano Venaria Reale -\u00a02011 - Vietata la riproduzione Curatore della serie: Cav.Gianni Segato\" \/>\n<meta property=\"og:url\" content=\"https:\/\/www.prolocoaltessanovenaria.eu\/sito\/stampe\/\" \/>\n<meta property=\"og:site_name\" content=\"ProLoco Altessano Venaria\" \/>\n<meta property=\"article:publisher\" content=\"https:\/\/www.facebook.com\/Associazione-Turistica-Pro-Loco-Altessano-Venaria-Reale-1412029292342779\/\" \/>\n<meta property=\"article:modified_time\" content=\"2016-01-03T17:02:49+00:00\" \/>\n<meta property=\"og:image\" content=\"http:\/\/www.prolocoaltessanovenaria.eu\/sito\/wp-content\/uploads\/2015\/06\/carabiniere.jpg\" \/>\n<meta name=\"twitter:card\" content=\"summary_large_image\" \/>\n<meta name=\"twitter:label1\" content=\"Tempo di lettura stimato\" \/>\n\t<meta name=\"twitter:data1\" content=\"2 minuti\" \/>\n<script type=\"application\/ld+json\" class=\"yoast-schema-graph\">{\"@context\":\"https:\\\/\\\/schema.org\",\"@graph\":[{\"@type\":\"WebPage\",\"@id\":\"https:\\\/\\\/www.prolocoaltessanovenaria.eu\\\/sito\\\/stampe\\\/\",\"url\":\"https:\\\/\\\/www.prolocoaltessanovenaria.eu\\\/sito\\\/stampe\\\/\",\"name\":\"Stampe - ProLoco Altessano Venaria\",\"isPartOf\":{\"@id\":\"https:\\\/\\\/www.prolocoaltessanovenaria.eu\\\/sito\\\/#website\"},\"primaryImageOfPage\":{\"@id\":\"https:\\\/\\\/www.prolocoaltessanovenaria.eu\\\/sito\\\/stampe\\\/#primaryimage\"},\"image\":{\"@id\":\"https:\\\/\\\/www.prolocoaltessanovenaria.eu\\\/sito\\\/stampe\\\/#primaryimage\"},\"thumbnailUrl\":\"http:\\\/\\\/www.prolocoaltessanovenaria.eu\\\/sito\\\/wp-content\\\/uploads\\\/2015\\\/06\\\/carabiniere.jpg\",\"datePublished\":\"2015-06-25T06:53:06+00:00\",\"dateModified\":\"2016-01-03T17:02:49+00:00\",\"breadcrumb\":{\"@id\":\"https:\\\/\\\/www.prolocoaltessanovenaria.eu\\\/sito\\\/stampe\\\/#breadcrumb\"},\"inLanguage\":\"it-IT\",\"potentialAction\":[{\"@type\":\"ReadAction\",\"target\":[\"https:\\\/\\\/www.prolocoaltessanovenaria.eu\\\/sito\\\/stampe\\\/\"]}]},{\"@type\":\"ImageObject\",\"inLanguage\":\"it-IT\",\"@id\":\"https:\\\/\\\/www.prolocoaltessanovenaria.eu\\\/sito\\\/stampe\\\/#primaryimage\",\"url\":\"https:\\\/\\\/www.prolocoaltessanovenaria.eu\\\/sito\\\/wp-content\\\/uploads\\\/2015\\\/06\\\/carabiniere.jpg\",\"contentUrl\":\"https:\\\/\\\/www.prolocoaltessanovenaria.eu\\\/sito\\\/wp-content\\\/uploads\\\/2015\\\/06\\\/carabiniere.jpg\",\"width\":290,\"height\":403},{\"@type\":\"BreadcrumbList\",\"@id\":\"https:\\\/\\\/www.prolocoaltessanovenaria.eu\\\/sito\\\/stampe\\\/#breadcrumb\",\"itemListElement\":[{\"@type\":\"ListItem\",\"position\":1,\"name\":\"Home\",\"item\":\"https:\\\/\\\/www.prolocoaltessanovenaria.eu\\\/sito\\\/\"},{\"@type\":\"ListItem\",\"position\":2,\"name\":\"Stampe\"}]},{\"@type\":\"WebSite\",\"@id\":\"https:\\\/\\\/www.prolocoaltessanovenaria.eu\\\/sito\\\/#website\",\"url\":\"https:\\\/\\\/www.prolocoaltessanovenaria.eu\\\/sito\\\/\",\"name\":\"ProLoco Altessano Venaria\",\"description\":\"Associazione Turistica ProLoco Altessano Venaria\",\"publisher\":{\"@id\":\"https:\\\/\\\/www.prolocoaltessanovenaria.eu\\\/sito\\\/#organization\"},\"potentialAction\":[{\"@type\":\"SearchAction\",\"target\":{\"@type\":\"EntryPoint\",\"urlTemplate\":\"https:\\\/\\\/www.prolocoaltessanovenaria.eu\\\/sito\\\/?s={search_term_string}\"},\"query-input\":{\"@type\":\"PropertyValueSpecification\",\"valueRequired\":true,\"valueName\":\"search_term_string\"}}],\"inLanguage\":\"it-IT\"},{\"@type\":\"Organization\",\"@id\":\"https:\\\/\\\/www.prolocoaltessanovenaria.eu\\\/sito\\\/#organization\",\"name\":\"ProLoco Altessano Venaria\",\"url\":\"https:\\\/\\\/www.prolocoaltessanovenaria.eu\\\/sito\\\/\",\"logo\":{\"@type\":\"ImageObject\",\"inLanguage\":\"it-IT\",\"@id\":\"https:\\\/\\\/www.prolocoaltessanovenaria.eu\\\/sito\\\/#\\\/schema\\\/logo\\\/image\\\/\",\"url\":\"https:\\\/\\\/www.prolocoaltessanovenaria.eu\\\/sito\\\/wp-content\\\/uploads\\\/2015\\\/03\\\/losanga-logo-pro-loco.png\",\"contentUrl\":\"https:\\\/\\\/www.prolocoaltessanovenaria.eu\\\/sito\\\/wp-content\\\/uploads\\\/2015\\\/03\\\/losanga-logo-pro-loco.png\",\"width\":643,\"height\":143,\"caption\":\"ProLoco Altessano Venaria\"},\"image\":{\"@id\":\"https:\\\/\\\/www.prolocoaltessanovenaria.eu\\\/sito\\\/#\\\/schema\\\/logo\\\/image\\\/\"},\"sameAs\":[\"https:\\\/\\\/www.facebook.com\\\/Associazione-Turistica-Pro-Loco-Altessano-Venaria-Reale-1412029292342779\\\/\",\"https:\\\/\\\/www.instagram.com\\\/proloco_altessano_venaria\\\/\"]}]}<\/script>\n<!-- \/ Yoast SEO plugin. -->","yoast_head_json":{"title":"Stampe - ProLoco Altessano Venaria","robots":{"index":"index","follow":"follow","max-snippet":"max-snippet:-1","max-image-preview":"max-image-preview:large","max-video-preview":"max-video-preview:-1"},"canonical":"https:\/\/www.prolocoaltessanovenaria.eu\/sito\/stampe\/","og_locale":"it_IT","og_type":"article","og_title":"Stampe - ProLoco Altessano Venaria","og_description":"CarabinieriSerie di\u00a06 stampe realizzate in occasione dell'inaugurazione del Monumento Carabinieri22 Ottobre 2011Creazione: Pro Loco Altessano Venaria Reale -\u00a02011 - Vietata la riproduzione Curatore della serie: Cav.Gianni Segato","og_url":"https:\/\/www.prolocoaltessanovenaria.eu\/sito\/stampe\/","og_site_name":"ProLoco Altessano Venaria","article_publisher":"https:\/\/www.facebook.com\/Associazione-Turistica-Pro-Loco-Altessano-Venaria-Reale-1412029292342779\/","article_modified_time":"2016-01-03T17:02:49+00:00","og_image":[{"url":"http:\/\/www.prolocoaltessanovenaria.eu\/sito\/wp-content\/uploads\/2015\/06\/carabiniere.jpg","type":"","width":"","height":""}],"twitter_card":"summary_large_image","twitter_misc":{"Tempo di lettura stimato":"2 minuti"},"schema":{"@context":"https:\/\/schema.org","@graph":[{"@type":"WebPage","@id":"https:\/\/www.prolocoaltessanovenaria.eu\/sito\/stampe\/","url":"https:\/\/www.prolocoaltessanovenaria.eu\/sito\/stampe\/","name":"Stampe - ProLoco Altessano Venaria","isPartOf":{"@id":"https:\/\/www.prolocoaltessanovenaria.eu\/sito\/#website"},"primaryImageOfPage":{"@id":"https:\/\/www.prolocoaltessanovenaria.eu\/sito\/stampe\/#primaryimage"},"image":{"@id":"https:\/\/www.prolocoaltessanovenaria.eu\/sito\/stampe\/#primaryimage"},"thumbnailUrl":"http:\/\/www.prolocoaltessanovenaria.eu\/sito\/wp-content\/uploads\/2015\/06\/carabiniere.jpg","datePublished":"2015-06-25T06:53:06+00:00","dateModified":"2016-01-03T17:02:49+00:00","breadcrumb":{"@id":"https:\/\/www.prolocoaltessanovenaria.eu\/sito\/stampe\/#breadcrumb"},"inLanguage":"it-IT","potentialAction":[{"@type":"ReadAction","target":["https:\/\/www.prolocoaltessanovenaria.eu\/sito\/stampe\/"]}]},{"@type":"ImageObject","inLanguage":"it-IT","@id":"https:\/\/www.prolocoaltessanovenaria.eu\/sito\/stampe\/#primaryimage","url":"https:\/\/www.prolocoaltessanovenaria.eu\/sito\/wp-content\/uploads\/2015\/06\/carabiniere.jpg","contentUrl":"https:\/\/www.prolocoaltessanovenaria.eu\/sito\/wp-content\/uploads\/2015\/06\/carabiniere.jpg","width":290,"height":403},{"@type":"BreadcrumbList","@id":"https:\/\/www.prolocoaltessanovenaria.eu\/sito\/stampe\/#breadcrumb","itemListElement":[{"@type":"ListItem","position":1,"name":"Home","item":"https:\/\/www.prolocoaltessanovenaria.eu\/sito\/"},{"@type":"ListItem","position":2,"name":"Stampe"}]},{"@type":"WebSite","@id":"https:\/\/www.prolocoaltessanovenaria.eu\/sito\/#website","url":"https:\/\/www.prolocoaltessanovenaria.eu\/sito\/","name":"ProLoco Altessano Venaria","description":"Associazione Turistica ProLoco Altessano Venaria","publisher":{"@id":"https:\/\/www.prolocoaltessanovenaria.eu\/sito\/#organization"},"potentialAction":[{"@type":"SearchAction","target":{"@type":"EntryPoint","urlTemplate":"https:\/\/www.prolocoaltessanovenaria.eu\/sito\/?s={search_term_string}"},"query-input":{"@type":"PropertyValueSpecification","valueRequired":true,"valueName":"search_term_string"}}],"inLanguage":"it-IT"},{"@type":"Organization","@id":"https:\/\/www.prolocoaltessanovenaria.eu\/sito\/#organization","name":"ProLoco Altessano Venaria","url":"https:\/\/www.prolocoaltessanovenaria.eu\/sito\/","logo":{"@type":"ImageObject","inLanguage":"it-IT","@id":"https:\/\/www.prolocoaltessanovenaria.eu\/sito\/#\/schema\/logo\/image\/","url":"https:\/\/www.prolocoaltessanovenaria.eu\/sito\/wp-content\/uploads\/2015\/03\/losanga-logo-pro-loco.png","contentUrl":"https:\/\/www.prolocoaltessanovenaria.eu\/sito\/wp-content\/uploads\/2015\/03\/losanga-logo-pro-loco.png","width":643,"height":143,"caption":"ProLoco Altessano Venaria"},"image":{"@id":"https:\/\/www.prolocoaltessanovenaria.eu\/sito\/#\/schema\/logo\/image\/"},"sameAs":["https:\/\/www.facebook.com\/Associazione-Turistica-Pro-Loco-Altessano-Venaria-Reale-1412029292342779\/","https:\/\/www.instagram.com\/proloco_altessano_venaria\/"]}]}},"_links":{"self":[{"href":"https:\/\/www.prolocoaltessanovenaria.eu\/sito\/wp-json\/wp\/v2\/pages\/1780","targetHints":{"allow":["GET"]}}],"collection":[{"href":"https:\/\/www.prolocoaltessanovenaria.eu\/sito\/wp-json\/wp\/v2\/pages"}],"about":[{"href":"https:\/\/www.prolocoaltessanovenaria.eu\/sito\/wp-json\/wp\/v2\/types\/page"}],"author":[{"embeddable":true,"href":"https:\/\/www.prolocoaltessanovenaria.eu\/sito\/wp-json\/wp\/v2\/users\/1"}],"replies":[{"embeddable":true,"href":"https:\/\/www.prolocoaltessanovenaria.eu\/sito\/wp-json\/wp\/v2\/comments?post=1780"}],"version-history":[{"count":12,"href":"https:\/\/www.prolocoaltessanovenaria.eu\/sito\/wp-json\/wp\/v2\/pages\/1780\/revisions"}],"predecessor-version":[{"id":5930,"href":"https:\/\/www.prolocoaltessanovenaria.eu\/sito\/wp-json\/wp\/v2\/pages\/1780\/revisions\/5930"}],"wp:attachment":[{"href":"https:\/\/www.prolocoaltessanovenaria.eu\/sito\/wp-json\/wp\/v2\/media?parent=1780"}],"curies":[{"name":"wp","href":"https:\/\/api.w.org\/{rel}","templated":true}]}}